{"id":4799,"date":"2022-06-04T00:48:26","date_gmt":"2022-06-03T22:48:26","guid":{"rendered":"https:\/\/raumluft24.de\/?page_id=4799"},"modified":"2025-03-06T12:32:29","modified_gmt":"2025-03-06T11:32:29","slug":"o-nas","status":"publish","type":"page","link":"https:\/\/raumluft24.de\/pl\/ueber-uns\/","title":{"rendered":"O nas"},"content":{"rendered":"<p>[et_pb_section fb_built=&#8220;1&#8243; custom_padding_last_edited=&#8220;on|phone&#8220; _builder_version=&#8220;4.16&#8243; _module_preset=&#8220;default&#8220; background_color=&#8220;#FFFFFF&#8220; background_image=&#8220;https:\/\/raumluft24.de\/wp-content\/uploads\/2021\/02\/header_unsere-klimaanlagen-desktop.jpg&#8220; background_size=&#8220;contain&#8220; z_index=&#8220;1&#8243; min_height=&#8220;650px&#8220; min_height_tablet=&#8220;400px&#8220; min_height_phone=&#8220;&#8220; min_height_last_edited=&#8220;on|phone&#8220; max_height=&#8220;800px&#8220; max_height_tablet=&#8220;481px&#8220; max_height_phone=&#8220;&#8220; max_height_last_edited=&#8220;on|tablet&#8220; custom_padding=&#8220;100px||0px||false|false&#8220; custom_padding_tablet=&#8220;40px||5px||false|false&#8220; custom_padding_phone=&#8220;20px||25px||false|false&#8220; background_last_edited=&#8220;on|phone&#8220; background_image_phone=&#8220;https:\/\/raumluft24.de\/wp-content\/uploads\/2021\/02\/unsere-klimaanlagen-raumluft24_mobil_kl.jpg&#8220; background_enable_image_phone=&#8220;on&#8220; background_size_phone=&#8220;cover&#8220; custom_css_main_element=&#8220;background-size: 2165px 800px !important;||background-position: 40% center !important;&#8220; global_colors_info=&#8220;{}&#8220; custom_css_main_element_last_edited=&#8220;on|desktop&#8220; custom_css_main_element_tablet=&#8220;background-size: 1301px 481px !important;||background-position: 47% center !important; &#8220; custom_css_main_element_phone=&#8220;background-size: cover !important;||background-position: center !important;&#8220;][et_pb_row _builder_version=&#8220;4.16&#8243; _module_preset=&#8220;default&#8220; max_width=&#8220;1200px&#8220; global_colors_info=&#8220;{}&#8220;][et_pb_column type=&#8220;4_4&#8243; _builder_version=&#8220;4.16&#8243; _module_preset=&#8220;default&#8220; global_colors_info=&#8220;{}&#8220;][et_pb_text _builder_version=&#8220;4.16&#8243; _dynamic_attributes=&#8220;content&#8220; _module_preset=&#8220;default&#8220; text_font_size=&#8220;17px&#8220; text_line_height=&#8220;1.9em&#8220; header_font=&#8220;|||on|||||&#8220; header_text_color=&#8220;#20344d&#8220; header_font_size=&#8220;62px&#8220; z_index=&#8220;2&#8243; max_width=&#8220;600px&#8220; max_width_tablet=&#8220;300px&#8220; max_width_phone=&#8220;&#8220; max_width_last_edited=&#8220;on|tablet&#8220; custom_margin_tablet=&#8220;||1em||false|false&#8220; custom_margin_phone=&#8220;&#8220; custom_margin_last_edited=&#8220;on|tablet&#8220; link_option_url=&#8220;#produkte&#8220; header_font_size_tablet=&#8220;32px&#8220; header_font_size_phone=&#8220;24px&#8220; header_font_size_last_edited=&#8220;on|phone&#8220; header_line_height_tablet=&#8220;1.2em&#8220; header_line_height_phone=&#8220;&#8220; header_line_height_last_edited=&#8220;on|tablet&#8220; global_colors_info=&#8220;{}&#8220;]@ET-DC@eyJkeW5hbWljIjp0cnVlLCJjb250ZW50IjoicG9zdF90aXRsZSIsInNldHRpbmdzIjp7ImJlZm9yZSI6IjxoMT4iLCJhZnRlciI6IjwvaDE+In19@[\/et_pb_text][et_pb_text _builder_version=&#8220;4.17.4&#8243; _module_preset=&#8220;default&#8220; text_font_size=&#8220;17px&#8220; header_font=&#8220;|||on|||||&#8220; header_text_color=&#8220;#20344d&#8220; header_font_size=&#8220;62px&#8220; z_index=&#8220;2&#8243; max_width=&#8220;500px&#8220; max_width_tablet=&#8220;320px&#8220; max_width_phone=&#8220;234px&#8220; max_width_last_edited=&#8220;on|phone&#8220; custom_padding_tablet=&#8220;&#8220; custom_padding_phone=&#8220;10px|10px|10px|0px|true|false&#8220; custom_padding_last_edited=&#8220;on|phone&#8220; text_font_size_tablet=&#8220;16px&#8220; text_font_size_phone=&#8220;&#8220; text_font_size_last_edited=&#8220;on|tablet&#8220; header_font_size_tablet=&#8220;&#8220; header_font_size_phone=&#8220;&#8220; header_font_size_last_edited=&#8220;on|desktop&#8220; background_color_phone=&#8220;rgba(255,255,255,0.55)&#8220; background_last_edited=&#8220;on|phone&#8220; background_enable_color_phone=&#8220;on&#8220; global_colors_info=&#8220;{}&#8220;]<\/p>\n<p>Als Familienbetrieb in dritter Generation verf\u00fcgen wir \u00fcber mehr als vierzig Jahre Erfahrung im Gesch\u00e4ft mit Luftreinigern und Klimaanlagen auf dem deutschen und europ\u00e4ischen Markt.<\/p>\n<p>[\/et_pb_text][\/et_pb_column][\/et_pb_row][\/et_pb_section][et_pb_section fb_built=&#8220;1&#8243; _builder_version=&#8220;4.16&#8243; _module_preset=&#8220;default&#8220; use_background_color_gradient=&#8220;on&#8220; background_color_gradient_direction=&#8220;244deg&#8220; background_color_gradient_stops=&#8220;#20344d 0%|#072140 100%&#8220; background_color_gradient_start=&#8220;#20344d&#8220; background_color_gradient_end=&#8220;#072140&#8243; z_index=&#8220;2&#8243; custom_padding=&#8220;||||false|false&#8220; global_colors_info=&#8220;{}&#8220;][et_pb_row column_structure=&#8220;3_5,2_5&#8243; use_custom_gutter=&#8220;on&#8220; gutter_width=&#8220;1&#8243; custom_padding_last_edited=&#8220;on|phone&#8220; module_id=&#8220;produkte&#8220; _builder_version=&#8220;4.16&#8243; _module_preset=&#8220;default&#8220; background_color=&#8220;#FFFFFF&#8220; max_width=&#8220;1160px&#8220; overflow-x=&#8220;visible&#8220; overflow-y=&#8220;visible&#8220; custom_margin=&#8220;-180px||||false|false&#8220; custom_margin_tablet=&#8220;-94px||||false|false&#8220; custom_margin_phone=&#8220;-74px||||false|false&#8220; custom_margin_last_edited=&#8220;on|phone&#8220; custom_padding=&#8220;30px|30px|30px|30px|true|true&#8220; custom_padding_tablet=&#8220;20px|20px|20px|20px|true|true&#8220; custom_padding_phone=&#8220;15px|16px|15px|16px|true|true&#8220; border_radii=&#8220;on|10px|10px|10px|10px&#8220; box_shadow_style=&#8220;preset1&#8243; box_shadow_horizontal=&#8220;5px&#8220; box_shadow_vertical=&#8220;5px&#8220; box_shadow_blur=&#8220;20px&#8220; global_colors_info=&#8220;{}&#8220;][et_pb_column type=&#8220;3_5&#8243; _builder_version=&#8220;4.16&#8243; _module_preset=&#8220;default&#8220; global_colors_info=&#8220;{}&#8220;][et_pb_text _builder_version=&#8220;4.17.4&#8243; _module_preset=&#8220;default&#8220; text_font=&#8220;Quicksand|||on|||||&#8220; text_text_color=&#8220;#20344d&#8220; text_font_size=&#8220;19px&#8220; text_letter_spacing=&#8220;0.2em&#8220; text_line_height=&#8220;1.4em&#8220; header_2_font=&#8220;|||on|||||&#8220; header_2_font_size=&#8220;50px&#8220; header_2_letter_spacing=&#8220;0em&#8220; header_2_line_height=&#8220;1.3em&#8220; custom_padding=&#8220;||40px|115px|false|false&#8220; custom_padding_tablet=&#8220;||30px|75px|false|false&#8220; custom_padding_phone=&#8220;55px|||0px|false|false&#8220; custom_padding_last_edited=&#8220;on|phone&#8220; text_font_size_tablet=&#8220;14px&#8220; text_font_size_phone=&#8220;14px&#8220; text_font_size_last_edited=&#8220;on|phone&#8220; header_2_font_size_tablet=&#8220;32px&#8220; header_2_font_size_phone=&#8220;24px&#8220; header_2_font_size_last_edited=&#8220;on|phone&#8220; custom_css_after=&#8220;content: %22%22;||display: block;||position: absolute;||left: 0;||top: 0;||width: 100px;||height: 100px;||background-image: url(&#8218;\/wp-content\/uploads\/2021\/02\/leistung.png&#8216;);||background-repeat: no-repeat;||background-size: cover;||background-position: center;&#8220; global_colors_info=&#8220;{}&#8220; custom_css_after_last_edited=&#8220;on|phone&#8220; custom_css_after_tablet=&#8220;content: %22%22;||display: block;||position: absolute;||left: 0;||top: 0;||width: 60px;||height: 60px;||background-image: url(&#8218;\/wp-content\/uploads\/2021\/02\/leistung.png&#8216;);||background-repeat: no-repeat;||background-size: cover;||background-position: center;&#8220; custom_css_after_phone=&#8220;content: %22%22;||display: block;||position: absolute;||left: 0;||top: 0;||width: 50px;||height: 50px;||background-image: url(&#8218;\/wp-content\/uploads\/2021\/02\/leistung.png&#8216;);||background-repeat: no-repeat;||background-size: cover;||background-position: center;&#8220;]<\/p>\n<h2>Seit 46 Jahren &#8230;<\/h2>\n<p>sorgen wir f\u00fcr gute Luft in Ihren R\u00e4umen.<\/p>\n<p>[\/et_pb_text][et_pb_text _builder_version=&#8220;4.17.4&#8243; _module_preset=&#8220;default&#8220; text_font_size=&#8220;15px&#8220; custom_padding=&#8220;|60px||115px|false|false&#8220; custom_padding_tablet=&#8220;|30px||75px|false|false&#8220; custom_padding_phone=&#8220;|0px||0px|false|false&#8220; custom_padding_last_edited=&#8220;on|tablet&#8220; global_colors_info=&#8220;{}&#8220;]<\/p>\n<p>Die Gr\u00fcndung unseres Unternehmens geht auf den 01.10.1975 zur\u00fcck. Edmund Hofmann begann aus seiner 3-Zimmer-Wohnung in Hannover mit dem Vertrieb von Luftbefeuchtern, Luftentfeuchtern und Luftreinigern. Damals wurden die Produkte noch pers\u00f6nlich vom Firmeninhaber zum Kunden geliefert.<\/p>\n<p>Am 01.10.1994 erfolgte dann die \u00dcbergabe der Gesch\u00e4ftsleitung an die zweite Generation.<br \/>Michael Krack f\u00fchrte unter dem Firmennamen \u201eRaumluftverbesserungssysteme M. Krack\u201c die Gesch\u00e4fte fort.<\/p>\n<p>Im Jahr 2006 wurde die Produktpalette signifikant erweitert zum heutigen Spezialgebiet der Firma, dem Vertrieb von hochwertigen Klimaanlagen.<\/p>\n<p>Seit dem Jahr 2009 firmiert das Gesch\u00e4ft unter dem Namen \u201eRaumluft 24\u201c, unser Fokus liegt nun auf dem Onlinegesch\u00e4ft und dem europ\u00e4ischen Markt f\u00fcr Klimaanlagen.<\/p>\n<p>Im Jahr 2014 erfolgte die Spezialisierung auf den Vertrieb von Monoblock-Klimaanlagen aus europ\u00e4ischer Fertigung. Herausragendes Merkmal dieser Monoblock-Ger\u00e4te ist, dass sie ohne st\u00f6rende Au\u00dfeneinheit an der Geb\u00e4udefassade funktionieren.<\/p>\n<p>[\/et_pb_text][\/et_pb_column][et_pb_column type=&#8220;2_5&#8243; _builder_version=&#8220;4.16&#8243; _module_preset=&#8220;default&#8220; global_colors_info=&#8220;{}&#8220;][et_pb_image src=&#8220;https:\/\/raumluft24.de\/wp-content\/uploads\/2021\/01\/klimaanlagen-quer-einzelprodukt.png&#8220; alt=&#8220;Klimaanlage von Raumluft24 &#8220; title_text=&#8220;Klimaanlage von Raumluft24 &#8220; _builder_version=&#8220;4.17.0&#8243; _module_preset=&#8220;default&#8220; z_index=&#8220;1&#8243; width=&#8220;110%&#8220; width_tablet=&#8220;&#8220; width_phone=&#8220;100%&#8220; width_last_edited=&#8220;on|phone&#8220; max_width=&#8220;700px&#8220; max_width_tablet=&#8220;460px&#8220; max_width_phone=&#8220;&#8220; max_width_last_edited=&#8220;on|tablet&#8220; custom_margin=&#8220;-125px||58px|0px|false|false&#8220; custom_margin_tablet=&#8220;0px||0px|0px|false|false&#8220; custom_margin_phone=&#8220;0px||0px||false|false&#8220; custom_margin_last_edited=&#8220;on|phone&#8220; module_alignment_tablet=&#8220;center&#8220; module_alignment_phone=&#8220;center&#8220; module_alignment_last_edited=&#8220;on|phone&#8220; global_colors_info=&#8220;{}&#8220;][\/et_pb_image][et_pb_text _builder_version=&#8220;4.27.4&#8243; _module_preset=&#8220;default&#8220; text_font_size=&#8220;15px&#8220; custom_padding_tablet=&#8220;|30px||75px|false|false&#8220; custom_padding_phone=&#8220;|0px|10px|0px|false|false&#8220; custom_padding_last_edited=&#8220;on|phone&#8220; hover_enabled=&#8220;0&#8243; global_colors_info=&#8220;{}&#8220; sticky_enabled=&#8220;0&#8243;]Die Monoblock-Anlagen bieten unseren Kunden dar\u00fcber hinaus zahlreiche Vorteile; von der einfachen Montage, Langlebigkeit, hoher Qualit\u00e4t bis hin zur Wartungsfreiheit.<\/p>\n<p>Unser Fokus liegt aber nicht nur auf dem Vertrieb. Wir beraten unsere Kunden umfassend, erstellen individuelle L\u00f6sungen und sorgen mit unseren Montagepartnern f\u00fcr eine schnelle und reibungslose Installation &#8211; alles aus einer Hand.<\/p>\n<p>Seit dem 01.05.2020 wird unser Familienunternehmen in dritter Generation als GmbH unter der Firmierung Raumluft24 Klimatechnik von Gesa Vanessa Krack und Michael Krack gef\u00fchrt. Zum 01.10.2024 hat Gesa Vanessa Krack die alleinige Gesch\u00e4ftsf\u00fchrung \u00fcbernommen.<\/p>\n<p>In unseren neuen modernen Gesch\u00e4ftsr\u00e4umen in Barsinghausen, in der N\u00e4he von Hannover, haben wir einen eigenen Showroom eingerichtet. Hier k\u00f6nnen alle aktuellen Ger\u00e4tetypen individuell vorgef\u00fchrt werden.[\/et_pb_text][\/et_pb_column][\/et_pb_row][et_pb_row _builder_version=&#8220;4.16&#8243; _module_preset=&#8220;default&#8220; max_width=&#8220;1160px&#8220; custom_padding=&#8220;||0px||false|false&#8220; global_colors_info=&#8220;{}&#8220;][et_pb_column type=&#8220;4_4&#8243; _builder_version=&#8220;4.16&#8243; _module_preset=&#8220;default&#8220; global_colors_info=&#8220;{}&#8220;][et_pb_image src=&#8220;https:\/\/raumluft24.de\/wp-content\/uploads\/2022\/09\/raumluft24_unsere-klimaanlagen_pano_kl.png&#8220; alt=&#8220;Raumluft24: Klimaanlage&#8220; title_text=&#8220;Raumluft24: Klimaanlage&#8220; _builder_version=&#8220;4.18.0&#8243; _module_preset=&#8220;default&#8220; global_colors_info=&#8220;{}&#8220;][\/et_pb_image][\/et_pb_column][\/et_pb_row][\/et_pb_section][et_pb_section fb_built=&#8220;1&#8243; custom_padding_last_edited=&#8220;on|phone&#8220; _builder_version=&#8220;4.16&#8243; _module_preset=&#8220;default&#8220; background_enable_color=&#8220;off&#8220; background_image=&#8220;https:\/\/raumluft24.de\/wp-content\/uploads\/2021\/02\/unsere-klimaanlagen_header.jpg&#8220; overflow-x=&#8220;hidden&#8220; overflow-y=&#8220;hidden&#8220; custom_padding=&#8220;90px||90px||true|false&#8220; custom_padding_tablet=&#8220;80px||40px||false|false&#8220; custom_padding_phone=&#8220;&#8220; background_last_edited=&#8220;on|phone&#8220; custom_css_after=&#8220;content: &#8220;;||display: block;||position: absolute;||width: 90%;||height: calc(100% &#8211; 160px);||right: 0;||top: 80px;||background-color: rgba(255,255,255,.9);||visibility: visible;||border-radius: 10px 0px 0px 10px;||box-shadow: 10px 10px 10px rgba(0,0,0,0.2);&#8220; global_colors_info=&#8220;{}&#8220; custom_css_after_last_edited=&#8220;on|phone&#8220; custom_css_after_tablet=&#8220;content: &#8220;;||display: block;||position: absolute;||width: 95%;||height: calc(100% &#8211; 120px);||right: 0;||top: 80px;||background-color: rgba(255,255,255,.9);||visibility: visible;||border-radius: 10px 0px 0px 10px;||box-shadow: 10px 10px 10px rgba(0,0,0,0.2);&#8220; custom_css_after_phone=&#8220;content: &#8220;;||display: block;||position: absolute;||width: 95%;||height: calc(100% &#8211; 120px);||right: 0;||top: 80px;||background-color: rgba(255,255,255,.9);||visibility: visible;||border-radius: 10px 0px 0px 10px;||box-shadow: 10px 10px 10px rgba(0,0,0,0.2);&#8220;][et_pb_row column_structure=&#8220;1_3,2_3&#8243; _builder_version=&#8220;4.16&#8243; _module_preset=&#8220;default&#8220; z_index=&#8220;1&#8243; max_width=&#8220;1200px&#8220; global_colors_info=&#8220;{}&#8220;][et_pb_column type=&#8220;1_3&#8243; _builder_version=&#8220;4.16&#8243; _module_preset=&#8220;default&#8220; custom_padding_tablet=&#8220;10px||10px||true|false&#8220; custom_padding_phone=&#8220;0px||0px||true|false&#8220; custom_padding_last_edited=&#8220;off|desktop&#8220; global_colors_info=&#8220;{}&#8220;][et_pb_image src=&#8220;https:\/\/raumluft24.de\/wp-content\/uploads\/2021\/02\/Fernbedienung_klima-1.png&#8220; alt=&#8220;Klimaanlage mit Fernbedienung &#8211; Raumluft24&#8243; title_text=&#8220;Klimaanlage mit Fernbedienung &#8211; Raumluft24&#8243; align=&#8220;center&#8220; _builder_version=&#8220;4.17.0&#8243; _module_preset=&#8220;default&#8220; max_width=&#8220;276px&#8220; custom_margin=&#8220;-80px||-80px||true|false&#8220; custom_margin_tablet=&#8220;-75px||-20px||false|false&#8220; custom_margin_phone=&#8220;&#8220; custom_margin_last_edited=&#8220;on|phone&#8220; custom_css_after=&#8220;content: %22%22;||position: absolute;||display: block;||background-position: center;||background-repeat: no-repeat;||background-size: contain;||left: -412px;||bottom: 50px;||opacity: .9;||z-index: -1;||width: 512px;||height: 100px;||background-image: url(&#8218;\/wp-content\/uploads\/2021\/02\/Welle-Illu-1.png&#8216;);&#8220; global_colors_info=&#8220;{}&#8220; custom_css_after_last_edited=&#8220;on|phone&#8220; custom_css_after_tablet=&#8220;content: %22%22;||position: absolute;||display: block;||background-position: center;||background-repeat: no-repeat;||background-size: contain;||left: -150px;||bottom: 50px;||opacity: .9;||z-index: -1;||width: 512px;||height: 100px;||background-image: url(&#8218;\/wp-content\/uploads\/2021\/02\/Welle-Illu-1.png&#8216;);&#8220; custom_css_after_phone=&#8220;content: %22%22;||position: absolute;||display: block;||background-position: center;||background-repeat: no-repeat;||background-size: contain;||left: -150px;||bottom: 50px;||opacity: .9;||z-index: -1;||width: 512px;||height: 100px;||background-image: url(&#8218;\/wp-content\/uploads\/2021\/02\/Welle-Illu-1.png&#8216;);&#8220;][\/et_pb_image][\/et_pb_column][et_pb_column type=&#8220;2_3&#8243; _builder_version=&#8220;4.16&#8243; _module_preset=&#8220;default&#8220; custom_padding=&#8220;35px||35px||true|false&#8220; custom_padding_tablet=&#8220;10px||10px||true|false&#8220; custom_padding_phone=&#8220;0px||0px||true|false&#8220; custom_padding_last_edited=&#8220;on|phone&#8220; global_colors_info=&#8220;{}&#8220;][et_pb_text _builder_version=&#8220;4.17.4&#8243; _module_preset=&#8220;default&#8220; text_font=&#8220;Quicksand|||on|||||&#8220; text_text_color=&#8220;#20344d&#8220; text_font_size=&#8220;19px&#8220; text_letter_spacing=&#8220;0.2em&#8220; text_line_height=&#8220;1.4em&#8220; header_2_font=&#8220;|||on|||||&#8220; header_2_font_size=&#8220;50px&#8220; header_2_letter_spacing=&#8220;0em&#8220; header_2_line_height=&#8220;1.3em&#8220; custom_padding=&#8220;||40px|115px|false|false&#8220; custom_padding_tablet=&#8220;||15px|75px|false|false&#8220; custom_padding_phone=&#8220;55px||0px|0px|false|false&#8220; custom_padding_last_edited=&#8220;on|phone&#8220; text_font_size_tablet=&#8220;14px&#8220; text_font_size_phone=&#8220;14px&#8220; text_font_size_last_edited=&#8220;on|phone&#8220; header_2_font_size_tablet=&#8220;32px&#8220; header_2_font_size_phone=&#8220;24px&#8220; header_2_font_size_last_edited=&#8220;on|phone&#8220; custom_css_after=&#8220;content: %22%22;||display: block;||position: absolute;||left: 0;||top: 0;||width: 100px;||height: 100px;||background-image: url(&#8218;\/wp-content\/uploads\/2021\/02\/fernbedienung_klima.png&#8216;);||background-repeat: no-repeat;||background-size: contain;||background-position: center;&#8220; global_colors_info=&#8220;{}&#8220; custom_css_after_last_edited=&#8220;on|phone&#8220; custom_css_after_tablet=&#8220;content: %22%22;||display: block;||position: absolute;||left: 0;||top: 0;||width: 60px;||height: 60px;||background-image: url(&#8218;\/wp-content\/uploads\/2021\/02\/fernbedienung_klima.png&#8216;);||background-repeat: no-repeat;||background-size: contain;||background-position: center;&#8220; custom_css_after_phone=&#8220;content: %22%22;||display: block;||position: absolute;||left: 0;||top: 0;||width: 50px;||height: 50px;||background-image: url(&#8218;\/wp-content\/uploads\/2021\/02\/fernbedienung_klima.png&#8216;);||background-repeat: no-repeat;||background-size: contain;||background-position: center;&#8220;]<\/p>\n<h2>&#8230; Innovativ und Neu<\/h2>\n<p>Modernste Technik und H\u00f6chste Qualit\u00e4t<\/p>\n<p>[\/et_pb_text][et_pb_text _builder_version=&#8220;4.17.4&#8243; _module_preset=&#8220;default&#8220; text_font_size=&#8220;14px&#8220; custom_padding=&#8220;|||115px|false|false&#8220; custom_padding_tablet=&#8220;|||75px|false|false&#8220; custom_padding_phone=&#8220;|||0px|false|false&#8220; custom_padding_last_edited=&#8220;on|phone&#8220; global_colors_info=&#8220;{}&#8220;]<\/p>\n<p>Mit unseren europ\u00e4ischen Produktionspartnern sind wir Innovationstreiber. Wir bieten nicht nur individuelle Klimal\u00f6sungen f\u00fcr Privatr\u00e4ume und Gewerbe, sondern setzen auch konsequent auf neue Technologien.<\/p>\n<p>Durch den <a href=\"https:\/\/raumluft24.de\/hygienekonzept-klimaanlage-dank-foerdermitteln\/\">Einsatz von UV-Lampen in der neuesten Klimaanlagengeneration<\/a> gelingt zum Beispiel eine wirksame Abt\u00f6tung von Bakterien und Keimen in der Raumluft. Ein weiter zunehmend wichtiger Aspekt ist die Vernetzung; z. B. die Steuerung unserer Anlagen per Smart App.<\/p>\n<p>Neueste sowie energieeffiziente Bauteile und Produktionsmethoden sind Zeichen unseres \u00f6kologischen Bewusstseins.<\/p>\n<p>Unsere zahlreichen Kunden und jahrelangen Partner, darunter <a href=\"https:\/\/raumluft24.de\/klimaanlagen-in-hotelzimmern\/#referenzen\">namhafte Hotelketten<\/a> und \u00f6ffentliche Einrichtungen wie z. B. Museen, sch\u00e4tzen unsere Expertise im Bereich der professionellen Raumklimatisierung. Lassen auch Sie sich \u00fcberzeugen.<\/p>\n<p>[\/et_pb_text][\/et_pb_column][\/et_pb_row][\/et_pb_section]<\/p>\n","protected":false},"excerpt":{"rendered":"<p>Als Familienbetrieb in dritter Generation verf\u00fcgen wir \u00fcber mehr als vierzig Jahre Erfahrung im Gesch\u00e4ft mit Luftreinigern und Klimaanlagen auf dem deutschen und europ\u00e4ischen Markt.Seit 46 Jahren &#8230; sorgen wir f\u00fcr gute Luft in Ihren R\u00e4umen.Die Gr\u00fcndung unseres Unternehmens geht auf den 01.10.1975 zur\u00fcck. Edmund Hofmann begann aus seiner 3-Zimmer-Wohnung in Hannover mit dem Vertrieb [&hellip;]<\/p>\n","protected":false},"author":1,"featured_media":0,"parent":0,"menu_order":0,"comment_status":"closed","ping_status":"closed","template":"","meta":{"_acf_changed":false,"_et_pb_use_builder":"on","_et_pb_old_content":"","_et_gb_content_width":"","footnotes":""},"class_list":["post-4799","page","type-page","status-publish","hentry"],"acf":[],"_links":{"self":[{"href":"https:\/\/raumluft24.de\/pl\/wp-json\/wp\/v2\/pages\/4799","targetHints":{"allow":["GET"]}}],"collection":[{"href":"https:\/\/raumluft24.de\/pl\/wp-json\/wp\/v2\/pages"}],"about":[{"href":"https:\/\/raumluft24.de\/pl\/wp-json\/wp\/v2\/types\/page"}],"author":[{"embeddable":true,"href":"https:\/\/raumluft24.de\/pl\/wp-json\/wp\/v2\/users\/1"}],"replies":[{"embeddable":true,"href":"https:\/\/raumluft24.de\/pl\/wp-json\/wp\/v2\/comments?post=4799"}],"version-history":[{"count":9,"href":"https:\/\/raumluft24.de\/pl\/wp-json\/wp\/v2\/pages\/4799\/revisions"}],"predecessor-version":[{"id":9348,"href":"https:\/\/raumluft24.de\/pl\/wp-json\/wp\/v2\/pages\/4799\/revisions\/9348"}],"wp:attachment":[{"href":"https:\/\/raumluft24.de\/pl\/wp-json\/wp\/v2\/media?parent=4799"}],"curies":[{"name":"wp","href":"https:\/\/api.w.org\/{rel}","templated":true}]}}